{"id":7067,"date":"2014-11-18T13:56:11","date_gmt":"2014-11-18T12:56:11","guid":{"rendered":"https:\/\/guerrerogaleria.es\/de-la-rionda-ivan\/"},"modified":"2024-09-09T17:49:34","modified_gmt":"2024-09-09T16:49:34","slug":"de-la-rionda-ivan","status":"publish","type":"page","link":"https:\/\/guerrerogaleria.es\/en\/artists\/de-la-rionda-ivan\/","title":{"rendered":"DE LA RIONDA , Ivan"},"content":{"rendered":"\t\t<div data-elementor-type=\"wp-page\" data-elementor-id=\"7067\" class=\"elementor elementor-7067 elementor-371\" data-elementor-post-type=\"page\">\n\t\t\t\t<div class=\"elementor-element elementor-element-64e9b8e e-flex e-con-boxed e-con e-parent\" data-id=\"64e9b8e\" data-element_type=\"container\">\n\t\t\t\t\t<div class=\"e-con-inner\">\n\t\t<div class=\"elementor-element elementor-element-10fddd9 e-con-full e-flex e-con e-child\" data-id=\"10fddd9\" data-element_type=\"container\">\n\t\t<div class=\"elementor-element elementor-element-9e1221d e-con-full e-flex e-con e-child\" data-id=\"9e1221d\" data-element_type=\"container\">\n\t\t\t\t<div class=\"elementor-element elementor-element-85ccd71 elementor-hidden-desktop elementor-hidden-tablet elementor-widget elementor-widget-heading\" data-id=\"85ccd71\" data-element_type=\"widget\" data-widget_type=\"heading.default\">\n\t\t\t\t<div class=\"elementor-widget-container\">\n\t\t\t<style>\/*! elementor - v3.23.0 - 05-08-2024 *\/\n.elementor-heading-title{padding:0;margin:0;line-height:1}.elementor-widget-heading .elementor-heading-title[class*=elementor-size-]>a{color:inherit;font-size:inherit;line-height:inherit}.elementor-widget-heading .elementor-heading-title.elementor-size-small{font-size:15px}.elementor-widget-heading .elementor-heading-title.elementor-size-medium{font-size:19px}.elementor-widget-heading .elementor-heading-title.elementor-size-large{font-size:29px}.elementor-widget-heading .elementor-heading-title.elementor-size-xl{font-size:39px}.elementor-widget-heading .elementor-heading-title.elementor-size-xxl{font-size:59px}<\/style><h2 class=\"elementor-heading-title elementor-size-default\">DE LA RIONDA , Ivan<\/h2>\t\t<\/div>\n\t\t\t\t<\/div>\n\t\t\t\t<div class=\"elementor-element elementor-element-a7992ec elementor-widget elementor-widget-gallery\" data-id=\"a7992ec\" data-element_type=\"widget\" data-settings=\"{&quot;gallery_layout&quot;:&quot;justified&quot;,&quot;ideal_row_height&quot;:{&quot;unit&quot;:&quot;px&quot;,&quot;size&quot;:265,&quot;sizes&quot;:[]},&quot;gap&quot;:{&quot;unit&quot;:&quot;px&quot;,&quot;size&quot;:12,&quot;sizes&quot;:[]},&quot;lazyload&quot;:&quot;yes&quot;,&quot;ideal_row_height_tablet&quot;:{&quot;unit&quot;:&quot;px&quot;,&quot;size&quot;:150,&quot;sizes&quot;:[]},&quot;ideal_row_height_mobile&quot;:{&quot;unit&quot;:&quot;px&quot;,&quot;size&quot;:150,&quot;sizes&quot;:[]},&quot;gap_tablet&quot;:{&quot;unit&quot;:&quot;px&quot;,&quot;size&quot;:10,&quot;sizes&quot;:[]},&quot;gap_mobile&quot;:{&quot;unit&quot;:&quot;px&quot;,&quot;size&quot;:10,&quot;sizes&quot;:[]},&quot;link_to&quot;:&quot;file&quot;,&quot;overlay_background&quot;:&quot;yes&quot;,&quot;content_hover_animation&quot;:&quot;fade-in&quot;}\" data-widget_type=\"gallery.default\">\n\t\t\t\t<div class=\"elementor-widget-container\">\n\t\t\t<style>\/*! elementor-pro - v3.23.0 - 05-08-2024 *\/\n.elementor-gallery__container{min-height:1px}.elementor-gallery-item{position:relative;overflow:hidden;display:block;text-decoration:none;border:solid var(--image-border-width) var(--image-border-color);border-radius:var(--image-border-radius)}.elementor-gallery-item__content,.elementor-gallery-item__overlay{height:100%;width:100%;position:absolute;top:0;left:0}.elementor-gallery-item__overlay{mix-blend-mode:var(--overlay-mix-blend-mode);transition-duration:var(--overlay-transition-duration);transition-property:mix-blend-mode,transform,opacity,background-color}.elementor-gallery-item__image.e-gallery-image{transition-duration:var(--image-transition-duration);transition-property:filter,transform}.elementor-gallery-item__content{display:flex;flex-direction:column;justify-content:var(--content-justify-content,center);align-items:center;text-align:var(--content-text-align);padding:var(--content-padding)}.elementor-gallery-item__content>div{transition-duration:var(--content-transition-duration)}.elementor-gallery-item__content.elementor-gallery--sequenced-animation>div:nth-child(2){transition-delay:calc(var(--content-transition-delay) \/ 3)}.elementor-gallery-item__content.elementor-gallery--sequenced-animation>div:nth-child(3){transition-delay:calc(var(--content-transition-delay) \/ 3 * 2)}.elementor-gallery-item__content.elementor-gallery--sequenced-animation>div:nth-child(4){transition-delay:calc(var(--content-transition-delay) \/ 3 * 3)}.elementor-gallery-item__description{color:var(--description-text-color,#fff);width:100%}.elementor-gallery-item__title{color:var(--title-text-color,#fff);font-weight:700;width:100%}.elementor-gallery__titles-container{display:flex;flex-wrap:wrap;justify-content:var(--titles-container-justify-content,center);margin-bottom:20px}.elementor-gallery__titles-container:not(.e--pointer-framed) .elementor-item:after,.elementor-gallery__titles-container:not(.e--pointer-framed) .elementor-item:before{background-color:var(--galleries-pointer-bg-color-hover)}.elementor-gallery__titles-container:not(.e--pointer-framed) .elementor-item.elementor-item-active:after,.elementor-gallery__titles-container:not(.e--pointer-framed) .elementor-item.elementor-item-active:before{background-color:var(--galleries-pointer-bg-color-active)}.elementor-gallery__titles-container.e--pointer-framed .elementor-item:before{border-color:var(--galleries-pointer-bg-color-hover);border-width:var(--galleries-pointer-border-width)}.elementor-gallery__titles-container.e--pointer-framed .elementor-item:after{border-color:var(--galleries-pointer-bg-color-hover)}.elementor-gallery__titles-container.e--pointer-framed .elementor-item.elementor-item-active:after,.elementor-gallery__titles-container.e--pointer-framed .elementor-item.elementor-item-active:before{border-color:var(--galleries-pointer-bg-color-active)}.elementor-gallery__titles-container.e--pointer-framed.e--animation-draw .elementor-item:before{border-left-width:var(--galleries-pointer-border-width);border-bottom-width:var(--galleries-pointer-border-width);border-right-width:0;border-top-width:0}.elementor-gallery__titles-container.e--pointer-framed.e--animation-draw .elementor-item:after{border-left-width:0;border-bottom-width:0;border-right-width:var(--galleries-pointer-border-width);border-top-width:var(--galleries-pointer-border-width)}.elementor-gallery__titles-container.e--pointer-framed.e--animation-corners .elementor-item:before{border-left-width:var(--galleries-pointer-border-width);border-bottom-width:0;border-right-width:0;border-top-width:var(--galleries-pointer-border-width)}.elementor-gallery__titles-container.e--pointer-framed.e--animation-corners .elementor-item:after{border-left-width:0;border-bottom-width:var(--galleries-pointer-border-width);border-right-width:var(--galleries-pointer-border-width);border-top-width:0}.elementor-gallery__titles-container .e--pointer-double-line .elementor-item:after,.elementor-gallery__titles-container .e--pointer-double-line .elementor-item:before,.elementor-gallery__titles-container .e--pointer-overline .elementor-item:before,.elementor-gallery__titles-container .e--pointer-underline .elementor-item:after{height:var(--galleries-pointer-border-width)}.elementor-gallery-title{--space-between:10px;cursor:pointer;color:#6d7882;font-weight:500;position:relative;padding:7px 14px;transition:all .3s}.elementor-gallery-title--active{color:#495157}.elementor-gallery-title:not(:last-child){margin-inline-end:var(--space-between)}.elementor-gallery-item__title+.elementor-gallery-item__description{margin-top:var(--description-margin-top)}.e-gallery-item.elementor-gallery-item{transition-property:all}.e-gallery-item.elementor-animated-content .elementor-animated-item--enter-from-bottom,.e-gallery-item.elementor-animated-content .elementor-animated-item--enter-from-left,.e-gallery-item.elementor-animated-content .elementor-animated-item--enter-from-right,.e-gallery-item.elementor-animated-content .elementor-animated-item--enter-from-top,.e-gallery-item:focus .elementor-gallery__item-overlay-bg,.e-gallery-item:focus .elementor-gallery__item-overlay-content,.e-gallery-item:focus .elementor-gallery__item-overlay-content__description,.e-gallery-item:focus .elementor-gallery__item-overlay-content__title,.e-gallery-item:hover .elementor-gallery__item-overlay-bg,.e-gallery-item:hover .elementor-gallery__item-overlay-content,.e-gallery-item:hover .elementor-gallery__item-overlay-content__description,.e-gallery-item:hover .elementor-gallery__item-overlay-content__title{opacity:1}a.elementor-item.elementor-gallery-title{color:var(--galleries-title-color-normal)}a.elementor-item.elementor-gallery-title.elementor-item-active,a.elementor-item.elementor-gallery-title.highlighted,a.elementor-item.elementor-gallery-title:focus,a.elementor-item.elementor-gallery-title:hover{color:var(--galleries-title-color-hover)}a.elementor-item.elementor-gallery-title.elementor-item-active{color:var(--gallery-title-color-active)}.e-con-inner>.elementor-widget-gallery,.e-con>.elementor-widget-gallery{width:var(--container-widget-width);--flex-grow:var(--container-widget-flex-grow)}<\/style>\t\t<div class=\"elementor-gallery__container\">\n\t\t\t\t\t\t\t<a class=\"e-gallery-item elementor-gallery-item elementor-animated-content\" href=\"https:\/\/guerrerogaleria.es\/wp-content\/uploads\/2015\/06\/11402665_856322711070395_944212354871118088_n.jpg\" data-elementor-open-lightbox=\"yes\" data-elementor-lightbox-slideshow=\"a7992ec\" data-elementor-lightbox-title=\"IVAN DE LA RIONDA\" data-e-action-hash=\"#elementor-action%3Aaction%3Dlightbox%26settings%3DeyJpZCI6MjE0MSwidXJsIjoiaHR0cHM6XC9cL2d1ZXJyZXJvZ2FsZXJpYS5lc1wvd3AtY29udGVudFwvdXBsb2Fkc1wvMjAxNVwvMDZcLzExNDAyNjY1Xzg1NjMyMjcxMTA3MDM5NV85NDQyMTIzNTQ4NzExMTgwODhfbi5qcGciLCJzbGlkZXNob3ciOiJhNzk5MmVjIn0%3D\">\n\t\t\t\t\t<div class=\"e-gallery-image elementor-gallery-item__image\" data-thumbnail=\"https:\/\/guerrerogaleria.es\/wp-content\/uploads\/2015\/06\/11402665_856322711070395_944212354871118088_n.jpg\" data-width=\"367\" data-height=\"459\" aria-label=\"\" role=\"img\" ><\/div>\n\t\t\t\t\t\t\t\t\t\t\t<div class=\"elementor-gallery-item__overlay\"><\/div>\n\t\t\t\t\t\t\t\t\t\t\t\t\t\t<\/a>\n\t\t\t\t\t\t\t<a class=\"e-gallery-item elementor-gallery-item elementor-animated-content\" href=\"https:\/\/guerrerogaleria.es\/wp-content\/uploads\/2015\/01\/FOTO-14-130X97.jpg\" data-elementor-open-lightbox=\"yes\" data-elementor-lightbox-slideshow=\"a7992ec\" data-elementor-lightbox-title=\"IVAN DE LA RIONDA &#039;Decontruccion&#039; \u00d3leo sobre Tela 130x97 Cm Firmado\" data-e-action-hash=\"#elementor-action%3Aaction%3Dlightbox%26settings%3DeyJpZCI6MTg2NSwidXJsIjoiaHR0cHM6XC9cL2d1ZXJyZXJvZ2FsZXJpYS5lc1wvd3AtY29udGVudFwvdXBsb2Fkc1wvMjAxNVwvMDFcL0ZPVE8tMTQtMTMwWDk3LmpwZyIsInNsaWRlc2hvdyI6ImE3OTkyZWMifQ%3D%3D\">\n\t\t\t\t\t<div class=\"e-gallery-image elementor-gallery-item__image\" data-thumbnail=\"https:\/\/guerrerogaleria.es\/wp-content\/uploads\/2015\/01\/FOTO-14-130X97.jpg\" data-width=\"1997\" data-height=\"1390\" aria-label=\"\" role=\"img\" ><\/div>\n\t\t\t\t\t\t\t\t\t\t\t<div class=\"elementor-gallery-item__overlay\"><\/div>\n\t\t\t\t\t\t\t\t\t\t\t\t\t\t<\/a>\n\t\t\t\t\t\t\t<a class=\"e-gallery-item elementor-gallery-item elementor-animated-content\" href=\"https:\/\/guerrerogaleria.es\/wp-content\/uploads\/2014\/12\/IVAN-O-T-190x75-jpg.jpg\" data-elementor-open-lightbox=\"yes\" data-elementor-lightbox-slideshow=\"a7992ec\" data-elementor-lightbox-title=\"IVAN DE LA RIONDA &#039; Si me pides el pescao te lo doy&#039; \u00d3leo sobre Tela 190x175 Cm. Firmado\" data-e-action-hash=\"#elementor-action%3Aaction%3Dlightbox%26settings%3DeyJpZCI6MTY2MSwidXJsIjoiaHR0cHM6XC9cL2d1ZXJyZXJvZ2FsZXJpYS5lc1wvd3AtY29udGVudFwvdXBsb2Fkc1wvMjAxNFwvMTJcL0lWQU4tTy1ULTE5MHg3NS1qcGcuanBnIiwic2xpZGVzaG93IjoiYTc5OTJlYyJ9\">\n\t\t\t\t\t<div class=\"e-gallery-image elementor-gallery-item__image\" data-thumbnail=\"https:\/\/guerrerogaleria.es\/wp-content\/uploads\/2014\/12\/IVAN-O-T-190x75-jpg.jpg\" data-width=\"170\" data-height=\"160\" aria-label=\"\" role=\"img\" ><\/div>\n\t\t\t\t\t\t\t\t\t\t\t<div class=\"elementor-gallery-item__overlay\"><\/div>\n\t\t\t\t\t\t\t\t\t\t\t\t\t\t<\/a>\n\t\t\t\t\t\t\t<a class=\"e-gallery-item elementor-gallery-item elementor-animated-content\" href=\"https:\/\/guerrerogaleria.es\/wp-content\/uploads\/2014\/12\/AMANECER.jpg\" data-elementor-open-lightbox=\"yes\" data-elementor-lightbox-slideshow=\"a7992ec\" data-elementor-lightbox-title=\"IVAN DE LA RIONDA &#039;Amanecer&#039; \u00d3leo sobre Tela 146X114 Cm Firmado\" data-e-action-hash=\"#elementor-action%3Aaction%3Dlightbox%26settings%3DeyJpZCI6MTMwMywidXJsIjoiaHR0cHM6XC9cL2d1ZXJyZXJvZ2FsZXJpYS5lc1wvd3AtY29udGVudFwvdXBsb2Fkc1wvMjAxNFwvMTJcL0FNQU5FQ0VSLmpwZyIsInNsaWRlc2hvdyI6ImE3OTkyZWMifQ%3D%3D\">\n\t\t\t\t\t<div class=\"e-gallery-image elementor-gallery-item__image\" data-thumbnail=\"https:\/\/guerrerogaleria.es\/wp-content\/uploads\/2014\/12\/AMANECER.jpg\" data-width=\"1704\" data-height=\"1316\" aria-label=\"\" role=\"img\" ><\/div>\n\t\t\t\t\t\t\t\t\t\t\t<div class=\"elementor-gallery-item__overlay\"><\/div>\n\t\t\t\t\t\t\t\t\t\t\t\t\t\t<\/a>\n\t\t\t\t\t\t\t<a class=\"e-gallery-item elementor-gallery-item elementor-animated-content\" href=\"https:\/\/guerrerogaleria.es\/wp-content\/uploads\/2015\/06\/FOTO-1-200x200.jpg\" data-elementor-open-lightbox=\"yes\" data-elementor-lightbox-slideshow=\"a7992ec\" data-elementor-lightbox-title=\"IVAN DE LA RIONDA &#039; EL BAILE&#039; Oil on canvas 130X160 Cm. Signed by artist\" data-e-action-hash=\"#elementor-action%3Aaction%3Dlightbox%26settings%3DeyJpZCI6MjA3NywidXJsIjoiaHR0cHM6XC9cL2d1ZXJyZXJvZ2FsZXJpYS5lc1wvd3AtY29udGVudFwvdXBsb2Fkc1wvMjAxNVwvMDZcL0ZPVE8tMS0yMDB4MjAwLmpwZyIsInNsaWRlc2hvdyI6ImE3OTkyZWMifQ%3D%3D\">\n\t\t\t\t\t<div class=\"e-gallery-image elementor-gallery-item__image\" data-thumbnail=\"https:\/\/guerrerogaleria.es\/wp-content\/uploads\/2015\/06\/FOTO-1-200x200.jpg\" data-width=\"1318\" data-height=\"1328\" aria-label=\"\" role=\"img\" ><\/div>\n\t\t\t\t\t\t\t\t\t\t\t<div class=\"elementor-gallery-item__overlay\"><\/div>\n\t\t\t\t\t\t\t\t\t\t\t\t\t\t<\/a>\n\t\t\t\t\t\t\t<a class=\"e-gallery-item elementor-gallery-item elementor-animated-content\" href=\"https:\/\/guerrerogaleria.es\/wp-content\/uploads\/2015\/08\/FOTO-5-200X200.jpg\" data-elementor-open-lightbox=\"yes\" data-elementor-lightbox-slideshow=\"a7992ec\" data-elementor-lightbox-title=\"IVAN DE LA RIONDA &#039; UNO VUELTO HACIA EL SUE\u00d1O...&#039; Oil on canvas 200x200 Cm. Signed by artist\" data-e-action-hash=\"#elementor-action%3Aaction%3Dlightbox%26settings%3DeyJpZCI6MjI5MiwidXJsIjoiaHR0cHM6XC9cL2d1ZXJyZXJvZ2FsZXJpYS5lc1wvd3AtY29udGVudFwvdXBsb2Fkc1wvMjAxNVwvMDhcL0ZPVE8tNS0yMDBYMjAwLmpwZyIsInNsaWRlc2hvdyI6ImE3OTkyZWMifQ%3D%3D\">\n\t\t\t\t\t<div class=\"e-gallery-image elementor-gallery-item__image\" data-thumbnail=\"https:\/\/guerrerogaleria.es\/wp-content\/uploads\/2015\/08\/FOTO-5-200X200.jpg\" data-width=\"1252\" data-height=\"1252\" aria-label=\"\" role=\"img\" ><\/div>\n\t\t\t\t\t\t\t\t\t\t\t<div class=\"elementor-gallery-item__overlay\"><\/div>\n\t\t\t\t\t\t\t\t\t\t\t\t\t\t<\/a>\n\t\t\t\t\t\t\t<a class=\"e-gallery-item elementor-gallery-item elementor-animated-content\" href=\"https:\/\/guerrerogaleria.es\/wp-content\/uploads\/2015\/08\/FOTO-4-162X130.jpg\" data-elementor-open-lightbox=\"yes\" data-elementor-lightbox-slideshow=\"a7992ec\" data-elementor-lightbox-title=\"IVAN DE LA RIONDA &#039; EL BAILE&#039; Oil on canvas 130X160 Cm. Signed by artist\" data-e-action-hash=\"#elementor-action%3Aaction%3Dlightbox%26settings%3DeyJpZCI6MjI5MSwidXJsIjoiaHR0cHM6XC9cL2d1ZXJyZXJvZ2FsZXJpYS5lc1wvd3AtY29udGVudFwvdXBsb2Fkc1wvMjAxNVwvMDhcL0ZPVE8tNC0xNjJYMTMwLmpwZyIsInNsaWRlc2hvdyI6ImE3OTkyZWMifQ%3D%3D\">\n\t\t\t\t\t<div class=\"e-gallery-image elementor-gallery-item__image\" data-thumbnail=\"https:\/\/guerrerogaleria.es\/wp-content\/uploads\/2015\/08\/FOTO-4-162X130.jpg\" data-width=\"1692\" data-height=\"1363\" aria-label=\"\" role=\"img\" ><\/div>\n\t\t\t\t\t\t\t\t\t\t\t<div class=\"elementor-gallery-item__overlay\"><\/div>\n\t\t\t\t\t\t\t\t\t\t\t\t\t\t<\/a>\n\t\t\t\t\t<\/div>\n\t\t\t<\/div>\n\t\t\t\t<\/div>\n\t\t\t\t<\/div>\n\t\t<div class=\"elementor-element elementor-element-f7969c1 e-con-full e-flex e-con e-child\" data-id=\"f7969c1\" data-element_type=\"container\">\n\t\t<div class=\"elementor-element elementor-element-5ac7121 e-con-full e-flex e-con e-child\" data-id=\"5ac7121\" data-element_type=\"container\">\n\t\t<div class=\"elementor-element elementor-element-3381b4b e-con-full e-flex e-con e-child\" data-id=\"3381b4b\" data-element_type=\"container\">\n\t\t<div class=\"elementor-element elementor-element-05533a7 e-grid e-con-full e-con e-child\" data-id=\"05533a7\" data-element_type=\"container\">\n\t\t\t\t<div class=\"elementor-element elementor-element-1dd2365 elementor-hidden-mobile elementor-widget elementor-widget-heading\" data-id=\"1dd2365\" data-element_type=\"widget\" data-widget_type=\"heading.default\">\n\t\t\t\t<div class=\"elementor-widget-container\">\n\t\t\t<h2 class=\"elementor-heading-title elementor-size-default\">DE LA RIONDA , Ivan<\/h2>\t\t<\/div>\n\t\t\t\t<\/div>\n\t\t\t\t<div class=\"elementor-element elementor-element-9b5a1b0 elementor-hidden-mobile elementor-widget elementor-widget-heading\" data-id=\"9b5a1b0\" data-element_type=\"widget\" data-widget_type=\"heading.default\">\n\t\t\t\t<div class=\"elementor-widget-container\">\n\t\t\t<style>\/*! elementor - v3.23.0 - 05-08-2024 *\/\n.elementor-heading-title{padding:0;margin:0;line-height:1}.elementor-widget-heading .elementor-heading-title[class*=elementor-size-]>a{color:inherit;font-size:inherit;line-height:inherit}.elementor-widget-heading .elementor-heading-title.elementor-size-small{font-size:15px}.elementor-widget-heading .elementor-heading-title.elementor-size-medium{font-size:19px}.elementor-widget-heading .elementor-heading-title.elementor-size-large{font-size:29px}.elementor-widget-heading .elementor-heading-title.elementor-size-xl{font-size:39px}.elementor-widget-heading .elementor-heading-title.elementor-size-xxl{font-size:59px}<\/style><h5 class=\"elementor-heading-title elementor-size-default\">Ciudad de la Habana, 1966<\/h5>\t\t<\/div>\n\t\t\t\t<\/div>\n\t\t\t\t<\/div>\n\t\t\t\t<\/div>\n\t\t\t\t<div class=\"elementor-element elementor-element-02319f8 elementor-widget elementor-widget-text-editor\" data-id=\"02319f8\" data-element_type=\"widget\" data-widget_type=\"text-editor.default\">\n\t\t\t\t<div class=\"elementor-widget-container\">\n\t\t\t<style>\/*! elementor - v3.23.0 - 05-08-2024 *\/\n.elementor-widget-text-editor.elementor-drop-cap-view-stacked .elementor-drop-cap{background-color:#69727d;color:#fff}.elementor-widget-text-editor.elementor-drop-cap-view-framed .elementor-drop-cap{color:#69727d;border:3px solid;background-color:transparent}.elementor-widget-text-editor:not(.elementor-drop-cap-view-default) .elementor-drop-cap{margin-top:8px}.elementor-widget-text-editor:not(.elementor-drop-cap-view-default) .elementor-drop-cap-letter{width:1em;height:1em}.elementor-widget-text-editor .elementor-drop-cap{float:left;text-align:center;line-height:1;font-size:50px}.elementor-widget-text-editor .elementor-drop-cap-letter{display:inline-block}<\/style>\t\t\t\t<p style=\"text-align: justify;\">Born in Cuba in 1966.<\/p>\r\n<p style=\"text-align: justify;\"><strong>Private Exhibitions<\/strong><\/p>\r\n<ul style=\"text-align: justify;\">\r\n\t<li>\u201cGuerrero Galer\u00eda d\u2019Art\u201d , July 2014<\/li>\r\n\t<li>\u201cGaleria Zonzon Brest\u201d, Francia, 4 April 2014<\/li>\r\n\t<li>Sobre el borde afilado de la sombra, \u201cGaler\u00eda L \u0301Escorxador, Sitges\u201d,July-August 2008.<\/li>\r\n\t<li>\u201cGaler\u00eda Gonzalo Olivan\u201d, Sitges, October 2007.<\/li>\r\n\t<li>\u201cMain traum und die Erinnerung\u201d y , Galer\u00eda Manuel Giron, St gallen, Zurich, April 2006.<\/li>\r\n\t<li>Mi sue\u00f1o y la memoria, \u201cGaler\u00eda Espacio 304\u2032\u2032, Puerto Rico, December 2005.<\/li>\r\n\t<li>Galer\u00eda Gonzalo Oliv\u00e1n, Sitges, October 2004.<\/li>\r\n\t<li>Galeria Consejo de Arte Barcelona, January 2001.<\/li>\r\n\t<li>Galer\u00eda , Espacio 304, Puerto Rico 2000.<\/li>\r\n\t<li>Para\u00edso Recobrado, Galer\u00eda La Rama Dorada, Ciudad de Panam\u00e1, November 1998.<\/li>\r\n\t<li>Las misteriosas telas blancas, Sal\u00f3n Solidaridad del Hotel Habana Libre, February-March 1995.<\/li>\r\n\t<li>Criaturas de este mundo II, Sal\u00f3n Solidaridad del Hotel Habana Libre, October-November 1994.<\/li>\r\n\t<li>Criaturas de este mundo, Galer\u00eda L de la Universidad de la Habana, June 1994.<\/li>\r\n\t<li>Soledades, Palacio de la Habana vieja, July 1992.\u2028 Sombras, Galer\u00eda Concha Ferrant, Guanabacoa, April1991.<\/li>\r\n<\/ul>\r\n<p style=\"text-align: justify;\"><strong>Collections\u2028<\/strong><\/p>\r\n<ul style=\"text-align: justify;\">\r\n\t<li>Galeria GUERRERO GALERIA D\u2019ART , Sitges\u2028<\/li>\r\n\t<li>Galer\u00eda Agora 3, Sitges, February 2004.\u2028<\/li>\r\n\t<li>Feria de Arte de Valencia, 2003.\u2028<\/li>\r\n\t<li>Galer\u00eda Consejo de arte, Barcelona, July 2003.\u2028<\/li>\r\n\t<li>Galer\u00eda Agora 3, Sitges, June 2003.\u2028<\/li>\r\n\t<li>Galer\u00eda Consejo de Arte, Barcelona, December 2002.\u2028<\/li>\r\n\t<li>Galeria Agora 3, colectiva de nadal,Sitges, December 2002.<\/li>\r\n\t<li>Galer\u00eda Agora 3, Sitges, October 2002.\u2028<\/li>\r\n\t<li>Galeria Agora 3, Sitges, August 2002.\u2028<\/li>\r\n\t<li>Galeria del Gran teatro de la Habana, November 1998.<\/li>\r\n\t<li>Arts Amica Friends of the Cuban Arts, Boston, September 1998. \u2022 Galeria Acacia, Feria de Arte de Portugal, October1997.<\/li>\r\n\t<li>Luz Insular, Galer\u00eda La Rama Dorada, sala de arte latinoamericano,panam\u00e1, August-September 1997.<\/li>\r\n\t<li>Muestra, Sala Varona de la Universidad de la Habana, July1994.<\/li>\r\n\t<li>Galer\u00eda L de la universidad de la Habana, May 1993.<\/li>\r\n\t<li>Salon 13 de Marzo, Galer\u00eda L de la Universidad de la Habana, March 1993.<\/li>\r\n<\/ul>\r\n<p style=\"text-align: justify;\"><strong>Honours<\/strong><\/p>\r\n<ul style=\"text-align: justify;\">\r\n\t<li>Diploma of Art (Honours), 3er Salon Arte 7, Complejo Cultural Yara, La Habana, April 1994.<\/li>\r\n\t<li>Art Honours, Concurso 13 Marh 1993, Universidad de la Habana.<\/li>\r\n<\/ul>\r\n<p style=\"text-align: justify;\"><strong>Critics\u2019 reviews<\/strong><\/p>\r\n<ul>\r\n\t<li style=\"text-align: justify;\">Revista de arte, Gal- Art, mayo-junio 2003. Isidre Roset.<\/li>\r\n\t<li style=\"text-align: justify;\">L\u2019 Eco de Sitges, 11 January 2013, 13 July 2012, 26 April 2003, 14 December 2002, 110 August 2002.<\/li>\r\n\t<li style=\"text-align: justify;\">Revista Cultural de Panam\u00e1, El Tragaluz, 8 November1998.<\/li>\r\n\t<li style=\"text-align: justify;\">Marila Vergara.<\/li>\r\n<\/ul>\t\t\t\t\t\t<\/div>\n\t\t\t\t<\/div>\n\t\t\t\t<div class=\"elementor-element elementor-element-37ea2d5 elementor-widget elementor-widget-shortcode\" data-id=\"37ea2d5\" data-element_type=\"widget\" data-widget_type=\"shortcode.default\">\n\t\t\t\t<div class=\"elementor-widget-container\">\n\t\t\t\t\t<div class=\"elementor-shortcode\">\t\t<div data-elementor-type=\"section\" data-elementor-id=\"7201\" class=\"elementor elementor-7201 elementor-4202\" data-elementor-post-type=\"elementor_library\">\n\t\t\t<div class=\"elementor-element elementor-element-a0db13f e-flex e-con-boxed e-con e-parent\" data-id=\"a0db13f\" data-element_type=\"container\">\n\t\t\t\t\t<div class=\"e-con-inner\">\n\t\t\t\t<div class=\"elementor-element elementor-element-4e72cad elementor-widget elementor-widget-image\" data-id=\"4e72cad\" data-element_type=\"widget\" data-widget_type=\"image.default\">\n\t\t\t\t<div class=\"elementor-widget-container\">\n\t\t\t\t\t\t\t\t\t\t\t\t\t\t<a href=\"https:\/\/guerrerogaleria.es\/en\/contacto\">\n\t\t\t\t\t\t\t<img decoding=\"async\" width=\"300\" height=\"80\" src=\"https:\/\/guerrerogaleria.es\/wp-content\/uploads\/2015\/05\/request.png\" class=\"attachment-large size-large wp-image-6684\" alt=\"\" \/>\t\t\t\t\t\t\t\t<\/a>\n\t\t\t\t\t\t\t\t\t\t\t\t\t<\/div>\n\t\t\t\t<\/div>\n\t\t\t\t\t<\/div>\n\t\t\t\t<\/div>\n\t\t\t\t<\/div>\n\t\t<\/div>\n\t\t\t\t<\/div>\n\t\t\t\t<\/div>\n\t\t\t\t<\/div>\n\t\t\t\t<\/div>\n\t\t\t\t<\/div>\n\t\t\t\t\t<\/div>\n\t\t\t\t<\/div>\n\t\t\t\t<\/div>\n\t\t","protected":false},"excerpt":{"rendered":"<p>Ciudad de la Habana, 1966 Born in Cuba in 1966. Private Exhibitions \u201cGuerrero Galer\u00eda d\u2019Art\u201d , July 2014 \u201cGaleria Zonzon Brest\u201d, Francia, 4 April 2014 Sobre el borde afilado de la sombra, \u201cGaler\u00eda L \u0301Escorxador, Sitges\u201d,July-August 2008. \u201cGaler\u00eda Gonzalo Olivan\u201d, Sitges, October 2007. \u201cMain traum und die Erinnerung\u201d y , Galer\u00eda Manuel Giron, St gallen, [&hellip;]<\/p>\n","protected":false},"author":1,"featured_media":0,"parent":7132,"menu_order":1,"comment_status":"closed","ping_status":"open","template":"elementor_header_footer","meta":{"footnotes":""},"class_list":["post-7067","page","type-page","status-publish","hentry"],"yoast_head":"<!-- This site is optimized with the Yoast SEO plugin v23.4 - https:\/\/yoast.com\/wordpress\/plugins\/seo\/ -->\n<title>DE LA RIONDA , Ivan - Galer\u00eda Guerrero<\/title>\n<meta name=\"robots\" content=\"index, follow, max-snippet:-1, max-image-preview:large, max-video-preview:-1\" \/>\n<link rel=\"canonical\" href=\"http:\/\/guerrerogaleria.es\/en\/artists\/de-la-rionda-ivan\/\" \/>\n<meta property=\"og:locale\" content=\"en_US\" \/>\n<meta property=\"og:type\" content=\"article\" \/>\n<meta property=\"og:title\" content=\"DE LA RIONDA , Ivan - Galer\u00eda Guerrero\" \/>\n<meta property=\"og:description\" content=\"Ciudad de la Habana, 1966 Born in Cuba in 1966. Private Exhibitions \u201cGuerrero Galer\u00eda d\u2019Art\u201d , July 2014 \u201cGaleria Zonzon Brest\u201d, Francia, 4 April 2014 Sobre el borde afilado de la sombra, \u201cGaler\u00eda L \u0301Escorxador, Sitges\u201d,July-August 2008. \u201cGaler\u00eda Gonzalo Olivan\u201d, Sitges, October 2007. \u201cMain traum und die Erinnerung\u201d y , Galer\u00eda Manuel Giron, St gallen, [&hellip;]\" \/>\n<meta property=\"og:url\" content=\"http:\/\/guerrerogaleria.es\/en\/artists\/de-la-rionda-ivan\/\" \/>\n<meta property=\"og:site_name\" content=\"Galer\u00eda Guerrero\" \/>\n<meta property=\"article:publisher\" content=\"https:\/\/www.facebook.com\/guerrerogaleria\/\" \/>\n<meta property=\"article:modified_time\" content=\"2024-09-09T16:49:34+00:00\" \/>\n<meta name=\"twitter:card\" content=\"summary_large_image\" \/>\n<meta name=\"twitter:label1\" content=\"Est. reading time\" \/>\n\t<meta name=\"twitter:data1\" content=\"2 minutes\" \/>\n<script type=\"application\/ld+json\" class=\"yoast-schema-graph\">{\"@context\":\"https:\/\/schema.org\",\"@graph\":[{\"@type\":\"WebPage\",\"@id\":\"http:\/\/guerrerogaleria.es\/en\/artists\/de-la-rionda-ivan\/\",\"url\":\"http:\/\/guerrerogaleria.es\/en\/artists\/de-la-rionda-ivan\/\",\"name\":\"DE LA RIONDA , Ivan - Galer\u00eda Guerrero\",\"isPartOf\":{\"@id\":\"http:\/\/guerrerogaleria.es\/#website\"},\"datePublished\":\"2014-11-18T12:56:11+00:00\",\"dateModified\":\"2024-09-09T16:49:34+00:00\",\"breadcrumb\":{\"@id\":\"http:\/\/guerrerogaleria.es\/en\/artists\/de-la-rionda-ivan\/#breadcrumb\"},\"inLanguage\":\"en-US\",\"potentialAction\":[{\"@type\":\"ReadAction\",\"target\":[\"http:\/\/guerrerogaleria.es\/en\/artists\/de-la-rionda-ivan\/\"]}]},{\"@type\":\"BreadcrumbList\",\"@id\":\"http:\/\/guerrerogaleria.es\/en\/artists\/de-la-rionda-ivan\/#breadcrumb\",\"itemListElement\":[{\"@type\":\"ListItem\",\"position\":1,\"name\":\"Portada\",\"item\":\"http:\/\/guerrerogaleria.es\/en\/\"},{\"@type\":\"ListItem\",\"position\":2,\"name\":\"Artists\",\"item\":\"http:\/\/guerrerogaleria.es\/en\/artists\/\"},{\"@type\":\"ListItem\",\"position\":3,\"name\":\"DE LA RIONDA , Ivan\"}]},{\"@type\":\"WebSite\",\"@id\":\"http:\/\/guerrerogaleria.es\/#website\",\"url\":\"http:\/\/guerrerogaleria.es\/\",\"name\":\"Guerrero Galeria de Arte\",\"description\":\"\",\"publisher\":{\"@id\":\"http:\/\/guerrerogaleria.es\/#organization\"},\"potentialAction\":[{\"@type\":\"SearchAction\",\"target\":{\"@type\":\"EntryPoint\",\"urlTemplate\":\"http:\/\/guerrerogaleria.es\/?s={search_term_string}\"},\"query-input\":{\"@type\":\"PropertyValueSpecification\",\"valueRequired\":true,\"valueName\":\"search_term_string\"}}],\"inLanguage\":\"en-US\"},{\"@type\":\"Organization\",\"@id\":\"http:\/\/guerrerogaleria.es\/#organization\",\"name\":\"Guerrero Galeria de Arte\",\"url\":\"http:\/\/guerrerogaleria.es\/\",\"logo\":{\"@type\":\"ImageObject\",\"inLanguage\":\"en-US\",\"@id\":\"http:\/\/guerrerogaleria.es\/#\/schema\/logo\/image\/\",\"url\":\"https:\/\/guerrerogaleria.es\/wp-content\/uploads\/2014\/11\/CabeceraTop-1.jpg\",\"contentUrl\":\"https:\/\/guerrerogaleria.es\/wp-content\/uploads\/2014\/11\/CabeceraTop-1.jpg\",\"width\":2362,\"height\":513,\"caption\":\"Guerrero Galeria de Arte\"},\"image\":{\"@id\":\"http:\/\/guerrerogaleria.es\/#\/schema\/logo\/image\/\"},\"sameAs\":[\"https:\/\/www.facebook.com\/guerrerogaleria\/\",\"https:\/\/www.instagram.com\/guerrero_galeria\/\"]}]}<\/script>\n<!-- \/ Yoast SEO plugin. -->","yoast_head_json":{"title":"DE LA RIONDA , Ivan - Galer\u00eda Guerrero","robots":{"index":"index","follow":"follow","max-snippet":"max-snippet:-1","max-image-preview":"max-image-preview:large","max-video-preview":"max-video-preview:-1"},"canonical":"http:\/\/guerrerogaleria.es\/en\/artists\/de-la-rionda-ivan\/","og_locale":"en_US","og_type":"article","og_title":"DE LA RIONDA , Ivan - Galer\u00eda Guerrero","og_description":"Ciudad de la Habana, 1966 Born in Cuba in 1966. Private Exhibitions \u201cGuerrero Galer\u00eda d\u2019Art\u201d , July 2014 \u201cGaleria Zonzon Brest\u201d, Francia, 4 April 2014 Sobre el borde afilado de la sombra, \u201cGaler\u00eda L \u0301Escorxador, Sitges\u201d,July-August 2008. \u201cGaler\u00eda Gonzalo Olivan\u201d, Sitges, October 2007. \u201cMain traum und die Erinnerung\u201d y , Galer\u00eda Manuel Giron, St gallen, [&hellip;]","og_url":"http:\/\/guerrerogaleria.es\/en\/artists\/de-la-rionda-ivan\/","og_site_name":"Galer\u00eda Guerrero","article_publisher":"https:\/\/www.facebook.com\/guerrerogaleria\/","article_modified_time":"2024-09-09T16:49:34+00:00","twitter_card":"summary_large_image","twitter_misc":{"Est. reading time":"2 minutes"},"schema":{"@context":"https:\/\/schema.org","@graph":[{"@type":"WebPage","@id":"http:\/\/guerrerogaleria.es\/en\/artists\/de-la-rionda-ivan\/","url":"http:\/\/guerrerogaleria.es\/en\/artists\/de-la-rionda-ivan\/","name":"DE LA RIONDA , Ivan - Galer\u00eda Guerrero","isPartOf":{"@id":"http:\/\/guerrerogaleria.es\/#website"},"datePublished":"2014-11-18T12:56:11+00:00","dateModified":"2024-09-09T16:49:34+00:00","breadcrumb":{"@id":"http:\/\/guerrerogaleria.es\/en\/artists\/de-la-rionda-ivan\/#breadcrumb"},"inLanguage":"en-US","potentialAction":[{"@type":"ReadAction","target":["http:\/\/guerrerogaleria.es\/en\/artists\/de-la-rionda-ivan\/"]}]},{"@type":"BreadcrumbList","@id":"http:\/\/guerrerogaleria.es\/en\/artists\/de-la-rionda-ivan\/#breadcrumb","itemListElement":[{"@type":"ListItem","position":1,"name":"Portada","item":"http:\/\/guerrerogaleria.es\/en\/"},{"@type":"ListItem","position":2,"name":"Artists","item":"http:\/\/guerrerogaleria.es\/en\/artists\/"},{"@type":"ListItem","position":3,"name":"DE LA RIONDA , Ivan"}]},{"@type":"WebSite","@id":"http:\/\/guerrerogaleria.es\/#website","url":"http:\/\/guerrerogaleria.es\/","name":"Guerrero Galeria de Arte","description":"","publisher":{"@id":"http:\/\/guerrerogaleria.es\/#organization"},"potentialAction":[{"@type":"SearchAction","target":{"@type":"EntryPoint","urlTemplate":"http:\/\/guerrerogaleria.es\/?s={search_term_string}"},"query-input":{"@type":"PropertyValueSpecification","valueRequired":true,"valueName":"search_term_string"}}],"inLanguage":"en-US"},{"@type":"Organization","@id":"http:\/\/guerrerogaleria.es\/#organization","name":"Guerrero Galeria de Arte","url":"http:\/\/guerrerogaleria.es\/","logo":{"@type":"ImageObject","inLanguage":"en-US","@id":"http:\/\/guerrerogaleria.es\/#\/schema\/logo\/image\/","url":"https:\/\/guerrerogaleria.es\/wp-content\/uploads\/2014\/11\/CabeceraTop-1.jpg","contentUrl":"https:\/\/guerrerogaleria.es\/wp-content\/uploads\/2014\/11\/CabeceraTop-1.jpg","width":2362,"height":513,"caption":"Guerrero Galeria de Arte"},"image":{"@id":"http:\/\/guerrerogaleria.es\/#\/schema\/logo\/image\/"},"sameAs":["https:\/\/www.facebook.com\/guerrerogaleria\/","https:\/\/www.instagram.com\/guerrero_galeria\/"]}]}},"_links":{"self":[{"href":"https:\/\/guerrerogaleria.es\/en\/wp-json\/wp\/v2\/pages\/7067"}],"collection":[{"href":"https:\/\/guerrerogaleria.es\/en\/wp-json\/wp\/v2\/pages"}],"about":[{"href":"https:\/\/guerrerogaleria.es\/en\/wp-json\/wp\/v2\/types\/page"}],"author":[{"embeddable":true,"href":"https:\/\/guerrerogaleria.es\/en\/wp-json\/wp\/v2\/users\/1"}],"replies":[{"embeddable":true,"href":"https:\/\/guerrerogaleria.es\/en\/wp-json\/wp\/v2\/comments?post=7067"}],"version-history":[{"count":4,"href":"https:\/\/guerrerogaleria.es\/en\/wp-json\/wp\/v2\/pages\/7067\/revisions"}],"predecessor-version":[{"id":7489,"href":"https:\/\/guerrerogaleria.es\/en\/wp-json\/wp\/v2\/pages\/7067\/revisions\/7489"}],"up":[{"embeddable":true,"href":"https:\/\/guerrerogaleria.es\/en\/wp-json\/wp\/v2\/pages\/7132"}],"wp:attachment":[{"href":"https:\/\/guerrerogaleria.es\/en\/wp-json\/wp\/v2\/media?parent=7067"}],"curies":[{"name":"wp","href":"https:\/\/api.w.org\/{rel}","templated":true}]}}